{"id":1112,"date":"2022-06-03T10:46:43","date_gmt":"2022-06-03T09:46:43","guid":{"rendered":"https:\/\/www.samiskhalsa.se\/mija-birra\/"},"modified":"2023-03-29T09:58:10","modified_gmt":"2023-03-29T08:58:10","slug":"mija-birra","status":"publish","type":"page","link":"\/sv-ls\/mija-birra\/","title":{"rendered":"Mij\u00e1 birra"},"content":{"rendered":"<article\n  class=\"p-[8vw] md:py-[8vw] lg:px-[12vw] first-of-type:mt-[var(--navbar-height)] !py-0 my-[4vw] first-of-type:!pt-[4vw]\"\n  aria-label=\"M\u00e1httudakv\u00e4rmm\u00e1dahka s\u00e1me varresvuohtaj birra\"\n  id=\"toppsektion\"\n  class=\"!py-0 my-[4vw] first-of-type:!pt-[4vw]\"\n>\n  <section class=\"max-w-4xl mx-auto md:text-center\">\n          <p class=\"mb-3 text-sm md:mb-8 md:text-lg\">Mij\u00e1 birra<\/p>\n    \n    <h1 class=\"mb-6 text-lg md:mb-8 md:text-2xl text-red\">M\u00e1httudakv\u00e4rmm\u00e1dahka s\u00e1me varresvuohtaj birra<\/h1>\n    <p class=\"text-sm md:text-lg\">M\u00e1httudakv\u00e4rmm\u00e1dahka s\u00e1me varresvuohtaj sihti buorre varresvuodav ja sujtov j\u00e4bdd\u00e1sasj \u00e4vtoj h\u00e1rr\u00e1j s\u00e1mijda Svierigin.<\/p>\n  <\/section>\n\n      <figure class=\"mx-auto max-w-7xl\">\n      <img decoding=\"async\" controls=\"controls\"\n  src=\"https:\/\/www.samiskhalsa.se\/app\/uploads\/2022\/06\/08ce2f884c50bd1d626499016c86c482.jpg\"\n  alt=\"\" title=\"\" loading=lazy class=\"mt-[4vw] object-cover aspect-[12\/7]\"\n  \/>\n                  <figcaption class=\"mt-6 text-sm\">\n          \n        <\/figcaption>\n          <\/figure>\n<\/article>\n<article\n  class=\"p-[8vw] md:py-[8vw] lg:px-[12vw] first-of-type:mt-[var(--navbar-height)] !py-0 my-[4vw]\"\n  aria-label=\"Text\"\n  id=\"text\"\n  class=\"!py-0 my-[4vw]\"\n>\n  <section class=\"max-w-3xl mx-auto richtext\">\n    <p><span style=\"font-weight: 400;\">Jages 2017 la M\u00e1httudakv\u00e4rmm\u00e1dahka s\u00e1me varresvuohtaj barggam \u00e5vdd\u00e5naht\u00e1tjit buorre varresvuodav ja sujtov j\u00e4bdd\u00e1sasj \u00e4vtoj h\u00e1rr\u00e1j ieme\u00e1lmmugij s\u00e1mijda. V\u00e4rmm\u00e1dahka g\u00e5bttj\u00e5 dajvajt Norrbotten, V\u00e4sterbotten, J\u00e4mtland H\u00e4rjedalen ja Dalarna. Juohkka dajvan la lenaaktijdiddje s\u00e1me varresvuohtaj ja m\u00e1httudakv\u00e4rmm\u00e1dahka g\u00e5nn\u00e5 g\u00e1vnnuji bargge s\u00e1me giella- ja kultuvrram\u00e1httudag\u00e1jn.<\/span><\/p>\n<p><span style=\"font-weight: 400;\">Mij\u00e1n la aj oajvvejuogos ja politijkalasj refer\u00e1nssajuogos. Dajvaj siegen li aj S\u00e1medigge, Svieriga s\u00e1me rijkkasiebrre, S\u00e1minuorra, L\u00e1nndasiebrre svieriga s\u00e1me, Rijkkaorganisasj\u00e5vnn\u00e5 S\u00e1me ja Same \u00c4tnam.<\/span><\/p>\n<p><span style=\"font-weight: 400;\">Vuodon bargguj la <em>Strategiddja s\u00e1me varresvuohtaj &#8211; varresvuoda- ja skihpasujtto mij vadd\u00e1 buorre ja j\u00e4bdd\u00e1sasj varresvuodav s\u00e1mijda 2020-2030<\/em> &#8211; tj\u00e1los mav juohkka dajvva aktisasjbargon la \u00e5mastam. Stradegiddja tjielggi g\u00e5k dajva galggi \u00e5vdd\u00e5nahttet giella- ja kultuvrrahiebadum varresvuoda- ja skihpasujtov mij vielet kultuvrav, gielav ja s\u00e1me patienta viessomvidjurav.<\/span><\/p>\n<p><span style=\"font-weight: 400;\">M\u00e1httudakv\u00e4rmm\u00e1dahka s\u00e1me varresvuohtaj vuodov v\u00e1lldi rievtesvuodavuojnos ja berusti vaj dajva galggi tjuovvot s\u00e1me rievtesvuodajt degu ieme\u00e1lmmugin.<\/span><\/p>\n<p>Mij\u00e1n li vihtta oasseulmme<\/p>\n<h2><span style=\"font-weight: 400;\">\u00c5hpadit<\/span><\/h2>\n<p><span style=\"font-weight: 400;\">Aledip kultuvrram\u00e1htov sujton, l\u00e5pptip m\u00e1httudag\u00e1v ieme\u00e1lmmukrievtesvuodaj birra ja \u00e5vdd\u00e5nahttep d\u00e5rjav kultuvrrahielles sujttog\u00e1vnadimijda.<\/span><\/p>\n<h2><span style=\"font-weight: 400;\">\u00c5vdd\u00e5nahttet<\/span><\/h2>\n<p><span style=\"font-weight: 400;\">Doarjjop dajvajt buorre ja lahka sujtov s\u00e1mijda \u00e5vdd\u00e5nahttet. Guoradallap moattel\u00e1g\u00e1sj tjoavddusijt, degu dal digit\u00e1la n\u00e4vojt ja strategidjak m\u00e1htukvuohtal\u00e5pptim, aj aktisasjbargo baktu iehtj\u00e1dij siegen.<\/span><\/p>\n<h2><span style=\"font-weight: 400;\">Tjalmostahttet<\/span><\/h2>\n<p>Mij barggap vuojnnusij buktet s\u00e1me gielajt ja s\u00e1me kultuvrav varresvuoda- ja skihpasujton.<\/p>\n<h2><span style=\"font-weight: 400;\">M\u00e1httudag\u00e1v vijdedit<\/span><\/h2>\n<p><span style=\"font-weight: 400;\">Mij tjalmostahttep diehtemahtesvuodajt ja barggap aktan \u00e5vdd\u00e5naht\u00e1tjit etalasj s\u00e1me guoradallamav.<\/span><\/p>\n<h2><span style=\"font-weight: 400;\">J\u00e5htuj biedjat<\/span><\/h2>\n<p><span style=\"font-weight: 400;\">Mij barggap \u00e1satjit rijkalasj m\u00e1httudakguovd\u00e1tjav s\u00e1me varresvuohtaj.<\/span><\/p>\n<p>&nbsp;<\/p>\n<p><span style=\"font-weight: 400;\"> <\/span><\/p>\n\n  <\/section>\n<\/article>\n","protected":false},"excerpt":{"rendered":"","protected":false},"author":1,"featured_media":0,"parent":0,"menu_order":0,"comment_status":"closed","ping_status":"closed","template":"","meta":{"_acf_changed":false,"footnotes":""},"class_list":["post-1112","page","type-page","status-publish","hentry"],"acf":[],"_links":{"self":[{"href":"https:\/\/www.samiskhalsa.se\/sv-ls\/wp-json\/wp\/v2\/pages\/1112"}],"collection":[{"href":"https:\/\/www.samiskhalsa.se\/sv-ls\/wp-json\/wp\/v2\/pages"}],"about":[{"href":"https:\/\/www.samiskhalsa.se\/sv-ls\/wp-json\/wp\/v2\/types\/page"}],"author":[{"embeddable":true,"href":"https:\/\/www.samiskhalsa.se\/sv-ls\/wp-json\/wp\/v2\/users\/1"}],"replies":[{"embeddable":true,"href":"https:\/\/www.samiskhalsa.se\/sv-ls\/wp-json\/wp\/v2\/comments?post=1112"}],"version-history":[{"count":1,"href":"https:\/\/www.samiskhalsa.se\/sv-ls\/wp-json\/wp\/v2\/pages\/1112\/revisions"}],"predecessor-version":[{"id":1113,"href":"https:\/\/www.samiskhalsa.se\/sv-ls\/wp-json\/wp\/v2\/pages\/1112\/revisions\/1113"}],"wp:attachment":[{"href":"https:\/\/www.samiskhalsa.se\/sv-ls\/wp-json\/wp\/v2\/media?parent=1112"}],"curies":[{"name":"wp","href":"https:\/\/api.w.org\/{rel}","templated":true}]}}